{"id":121,"date":"2020-11-28T10:57:51","date_gmt":"2020-11-28T10:57:51","guid":{"rendered":"https:\/\/shelly.merku.love\/?page_id=121"},"modified":"2024-11-09T10:13:26","modified_gmt":"2024-11-09T09:13:26","slug":"home","status":"publish","type":"page","link":"https:\/\/www.scuoleattivedicomunita.it\/","title":{"rendered":"Home"},"content":{"rendered":"\t\t<div data-elementor-type=\"wp-page\" data-elementor-id=\"121\" class=\"elementor elementor-121\">\n\t\t\t\t\t\t<section class=\"elementor-section elementor-top-section elementor-element elementor-element-3f523fb site-hero elementor-section-content-middle elementor-section-boxed elementor-section-height-default elementor-section-height-default\" data-id=\"3f523fb\" data-element_type=\"section\" data-settings=\"{&quot;background_background&quot;:&quot;classic&quot;,&quot;shape_divider_bottom&quot;:&quot;waves&quot;,&quot;shape_divider_bottom_negative&quot;:&quot;yes&quot;}\">\n\t\t\t\t\t<div class=\"elementor-shape elementor-shape-bottom\" data-negative=\"true\">\n\t\t\t<svg xmlns=\"http:\/\/www.w3.org\/2000\/svg\" viewBox=\"0 0 1000 100\" preserveAspectRatio=\"none\">\n\t<path class=\"elementor-shape-fill\" d=\"M790.5,93.1c-59.3-5.3-116.8-18-192.6-50c-29.6-12.7-76.9-31-100.5-35.9c-23.6-4.9-52.6-7.8-75.5-5.3\n\tc-10.2,1.1-22.6,1.4-50.1,7.4c-27.2,6.3-58.2,16.6-79.4,24.7c-41.3,15.9-94.9,21.9-134,22.6C72,58.2,0,25.8,0,25.8V100h1000V65.3\n\tc0,0-51.5,19.4-106.2,25.7C839.5,97,814.1,95.2,790.5,93.1z\"\/>\n<\/svg>\t\t<\/div>\n\t\t\t\t\t<div class=\"elementor-container elementor-column-gap-default\">\n\t\t\t\t\t<div class=\"elementor-column elementor-col-50 elementor-top-column elementor-element elementor-element-0b6fc29\" data-id=\"0b6fc29\" data-element_type=\"column\">\n\t\t\t<div class=\"elementor-widget-wrap elementor-element-populated\">\n\t\t\t\t\t\t<div class=\"elementor-element elementor-element-6f5c95d elementor-widget elementor-widget-shelly-heading-split\" data-id=\"6f5c95d\" data-element_type=\"widget\" data-widget_type=\"shelly-heading-split.default\">\n\t\t\t\t<div class=\"elementor-widget-container\">\n\t\t\t        <div class=\"site-heading\">\n            <h1 class=\"shelly-heading\">\n            Diventa protagonista del <span>cambiamento<\/span>             <\/h1>\n\n                    <\/div>\n        \t\t<\/div>\n\t\t\t\t<\/div>\n\t\t\t\t<div class=\"elementor-element elementor-element-cf897a3 elementor-widget elementor-widget-text-editor\" data-id=\"cf897a3\" data-element_type=\"widget\" data-widget_type=\"text-editor.default\">\n\t\t\t\t<div class=\"elementor-widget-container\">\n\t\t\t\t\t\t\t<p><span style=\"font-weight: 400;\">Scuole Attive di Comunit\u00e0 \u00e8 un nuovo percorso educativo rivolto ai ragazzi tra gli 11 e i 17 anni residenti nei comuni dell\u2019Ambito Sociale Br 4. \u00c8 un modello innovativo che unisce scuole, famiglie ed esperti per far emergere il talento e le potenzialit\u00e0 di ogni ragazzo e ragazza attraverso servizi ed eventi gratuiti.\u00a0<\/span><\/p>\t\t\t\t\t\t<\/div>\n\t\t\t\t<\/div>\n\t\t\t\t\t<\/div>\n\t\t<\/div>\n\t\t\t\t<div class=\"elementor-column elementor-col-50 elementor-top-column elementor-element elementor-element-3d12621 elementor-hidden-phone\" data-id=\"3d12621\" data-element_type=\"column\">\n\t\t\t<div class=\"elementor-widget-wrap elementor-element-populated\">\n\t\t\t\t\t\t<div class=\"elementor-element elementor-element-2b650d5 fadeInUp elementor-widget elementor-widget-shelly-hero-image\" data-id=\"2b650d5\" data-element_type=\"widget\" data-widget_type=\"shelly-hero-image.default\">\n\t\t\t\t<div class=\"elementor-widget-container\">\n\t\t\t        <div class=\"site-hero-image\">\n                        <figure class=\"fadeInUp\">\n                <img decoding=\"async\"\n                    src=\"https:\/\/www.scuoleattivedicomunita.it\/wp-content\/uploads\/2024\/11\/rete.png\"\n                    alt=\"\" >\n            <\/figure>\n            <div class=\"color-accent fadeInUp\">\n                <span class=\"color-accent-motion\"><\/span>\n            <\/div>\n                        <figure class=\"fadeInUp\">\n                <img decoding=\"async\"\n                    src=\"https:\/\/www.scuoleattivedicomunita.it\/wp-content\/uploads\/2024\/11\/edusport.png\"\n                    alt=\"\" >\n            <\/figure>\n            <div class=\"color-accent fadeInUp\">\n                <span class=\"color-accent-motion\"><\/span>\n            <\/div>\n                        <figure class=\"fadeInUp\">\n                <img decoding=\"async\"\n                    src=\"https:\/\/www.scuoleattivedicomunita.it\/wp-content\/uploads\/2024\/11\/WhatsApp-Image-2024-11-05-at-16.50.21-1.jpeg\"\n                    alt=\"\" >\n            <\/figure>\n            <div class=\"color-accent fadeInUp\">\n                <span class=\"color-accent-motion\"><\/span>\n            <\/div>\n                        <figure class=\"fadeInUp\">\n                <img decoding=\"async\"\n                    src=\"https:\/\/www.scuoleattivedicomunita.it\/wp-content\/uploads\/2024\/11\/WhatsApp-Image-2024-11-05-at-16.48.39.jpeg\"\n                    alt=\"\" >\n            <\/figure>\n            <div class=\"color-accent fadeInUp\">\n                <span class=\"color-accent-motion\"><\/span>\n            <\/div>\n                    <\/div>\n        \t\t<\/div>\n\t\t\t\t<\/div>\n\t\t\t\t\t<\/div>\n\t\t<\/div>\n\t\t\t\t\t<\/div>\n\t\t<\/section>\n\t\t\t\t<section class=\"elementor-section elementor-top-section elementor-element elementor-element-f7d6667 elementor-section-boxed elementor-section-height-default elementor-section-height-default\" data-id=\"f7d6667\" data-element_type=\"section\">\n\t\t\t\t\t\t<div class=\"elementor-container elementor-column-gap-default\">\n\t\t\t\t\t<div class=\"elementor-column elementor-col-100 elementor-top-column elementor-element elementor-element-c789b0f\" data-id=\"c789b0f\" data-element_type=\"column\">\n\t\t\t<div class=\"elementor-widget-wrap elementor-element-populated\">\n\t\t\t\t\t\t<div class=\"elementor-element elementor-element-ede449b elementor-widget elementor-widget-shelly-heading-split\" data-id=\"ede449b\" data-element_type=\"widget\" data-widget_type=\"shelly-heading-split.default\">\n\t\t\t\t<div class=\"elementor-widget-container\">\n\t\t\t        <div class=\"site-heading\">\n            <h2 class=\"shelly-heading\">\n            Obiettivi del <span>Progetto<\/span>             <\/h2>\n\n                    <\/div>\n        \t\t<\/div>\n\t\t\t\t<\/div>\n\t\t\t\t<div class=\"elementor-element elementor-element-d1cf9b9 elementor-widget elementor-widget-text-editor\" data-id=\"d1cf9b9\" data-element_type=\"widget\" data-widget_type=\"text-editor.default\">\n\t\t\t\t<div class=\"elementor-widget-container\">\n\t\t\t\t\t\t\t<p><span style=\"font-weight: 400;\">Scuole Attive di Comunit\u00e0 mette al centro i giovani nel territorio in cui vivono. Gli obiettivi del progetto prevedono azioni rivolte a sviluppare l\u2019inclusivit\u00e0, valorizzare le competenze, promuovere lo sport e gli stili di vita sostenibili, riappropriarsi di spazi e contesti in cui potersi sentire parte attiva di una comunit\u00e0.\u00a0<\/span><\/p><p><span style=\"font-weight: 400;\">Scuole Attive di Comunit\u00e0 \u00e8 presente anche nelle scuole per contrastare l\u2019abbandono scolastico attraverso attivit\u00e0 programmate a sostegno dei ragazzi e delle ragazze, per accrescere le loro potenzialit\u00e0 e far s\u00ec che la collettivit\u00e0 dia loro un sostegno concreto.<\/span><\/p>\t\t\t\t\t\t<\/div>\n\t\t\t\t<\/div>\n\t\t\t\t\t<\/div>\n\t\t<\/div>\n\t\t\t\t\t<\/div>\n\t\t<\/section>\n\t\t\t\t<section class=\"elementor-section elementor-top-section elementor-element elementor-element-f2a4c81 site-features elementor-section-content-middle elementor-section-boxed elementor-section-height-default elementor-section-height-default\" data-id=\"f2a4c81\" data-element_type=\"section\">\n\t\t\t\t\t\t<div class=\"elementor-container elementor-column-gap-default\">\n\t\t\t\t\t<div class=\"elementor-column elementor-col-33 elementor-top-column elementor-element elementor-element-bbd7383\" data-id=\"bbd7383\" data-element_type=\"column\">\n\t\t\t<div class=\"elementor-widget-wrap elementor-element-populated\">\n\t\t\t\t\t\t<div class=\"elementor-element elementor-element-bbd0c06 elementor-invisible elementor-widget elementor-widget-shelly-feature-box\" data-id=\"bbd0c06\" data-element_type=\"widget\" data-settings=\"{&quot;_animation&quot;:&quot;fadeInUp&quot;}\" data-widget_type=\"shelly-feature-box.default\">\n\t\t\t\t<div class=\"elementor-widget-container\">\n\t\t\t            <div class=\"site-feature\">\n                <div class=\"site-feature--icon\">\n                    <svg aria-hidden=\"true\" class=\"e-font-icon-svg e-fas-school\" viewBox=\"0 0 640 512\" xmlns=\"http:\/\/www.w3.org\/2000\/svg\"><path d=\"M0 224v272c0 8.84 7.16 16 16 16h80V192H32c-17.67 0-32 14.33-32 32zm360-48h-24v-40c0-4.42-3.58-8-8-8h-16c-4.42 0-8 3.58-8 8v64c0 4.42 3.58 8 8 8h48c4.42 0 8-3.58 8-8v-16c0-4.42-3.58-8-8-8zm137.75-63.96l-160-106.67a32.02 32.02 0 0 0-35.5 0l-160 106.67A32.002 32.002 0 0 0 128 138.66V512h128V368c0-8.84 7.16-16 16-16h96c8.84 0 16 7.16 16 16v144h128V138.67c0-10.7-5.35-20.7-14.25-26.63zM320 256c-44.18 0-80-35.82-80-80s35.82-80 80-80 80 35.82 80 80-35.82 80-80 80zm288-64h-64v320h80c8.84 0 16-7.16 16-16V224c0-17.67-14.33-32-32-32z\"><\/path><\/svg>                <\/div>\n                                <h5>Sportello di Ascolto nelle Scuole\n<\/h5>\n                                                <p>Sportelli di ascolto gratuiti in orario scolastico per tutti gli studenti degli istituti partner del progetto. Una grande opportunit\u00e0 di condividere esperienze, migliorare l'inclusione e affrontare insieme le sfide quotidiane.\n<\/p>\n                \n                            <\/div>\n\t\t\t\t<\/div>\n\t\t\t\t<\/div>\n\t\t\t\t\t<\/div>\n\t\t<\/div>\n\t\t\t\t<div class=\"elementor-column elementor-col-33 elementor-top-column elementor-element elementor-element-21b5f2d\" data-id=\"21b5f2d\" data-element_type=\"column\">\n\t\t\t<div class=\"elementor-widget-wrap elementor-element-populated\">\n\t\t\t\t\t\t<div class=\"elementor-element elementor-element-610305f elementor-invisible elementor-widget elementor-widget-shelly-feature-box\" data-id=\"610305f\" data-element_type=\"widget\" data-settings=\"{&quot;_animation&quot;:&quot;fadeInUp&quot;}\" data-widget_type=\"shelly-feature-box.default\">\n\t\t\t\t<div class=\"elementor-widget-container\">\n\t\t\t            <div class=\"site-feature\">\n                <div class=\"site-feature--icon\">\n                    <svg xmlns=\"http:\/\/www.w3.org\/2000\/svg\" id=\"Layer_1\" viewBox=\"0 0 65 65\"><g><g><g><path d=\"m49 30.3-8.2 2.3c.4 3.9.3 6-.2 9.6l6.6 5.1c1.7 1.4 2 3.8.6 5.5l-8.2 9.8c-1.4 1.7-3.8 1.8-5.4.5-1.7-1.4-1.8-3.8-.5-5.4l5.7-6.8-1.9-1.5-3.9 1.2c-2.4 6.1-3 6.4-3.3 6.6l-11.1 6.1c-1.9 1.1-4.2.3-5.2-1.5-1-1.9-.4-4.2 1.5-5.2l9.7-5.4c.6-2.3 3.5-13.8 3.2-18.3l-8.7-2.4c-1.8-.5-2.8-2.3-2.4-4.1l3.3-13.2c.4-1.7 2.1-2.9 4.1-2.4 1.8.4 2.9 2.3 2.5 4.1l-2.5 10 6.8 1.9 5.7-.3 6.9-1.9-1-4.1c-.4-1.8.6-3.6 2.4-4.1s3.6.7 4.1 2.4l1.8 7.3c.5 1.9-.6 3.7-2.4 4.2z\"><\/path><\/g><\/g><g><g><path d=\"m40.6 19c0 3.3-2.7 6-6 6s-6-2.7-6-6 2.7-6 6-6 6 2.7 6 6z\"><\/path><\/g><\/g><g><g><g><path d=\"m44 8c-1.5-.5-3.5-2-3.8-4.8-2.5 2.9-1.8 7.3 1.4 9.3.4-.9 2.9-1.5 2.4-4.5z\"><\/path><\/g><\/g><g><g><path d=\"m44.5 6c1.2-1 3.4-2.1 6.1-.9-1.3-3.6-5.4-5.1-8.7-3.4.4.7-.2 3.3 2.6 4.3z\"><\/path><\/g><\/g><g><g><path d=\"m45.9 7.5c.3 1.5.1 4-2.2 5.7 3.8.7 7.2-2.2 7.3-5.9-.8.1-2.8-1.7-5.1.2z\"><\/path><\/g><\/g><\/g><\/g><\/svg>                <\/div>\n                                <h5>Edu-Camp Gratuito<\/h5>\n                                                <p>Un campus gratuito per scoprire le materie scientifiche e sperimentare nuove discipline sportive. Con un programma ricco e coinvolgente, Edu-Camp offre un'esperienza formativa extrascolastica senza eguali per imparare divertendosi.<\/p>\n                \n                            <\/div>\n\t\t\t\t<\/div>\n\t\t\t\t<\/div>\n\t\t\t\t\t<\/div>\n\t\t<\/div>\n\t\t\t\t<div class=\"elementor-column elementor-col-33 elementor-top-column elementor-element elementor-element-cdb150a\" data-id=\"cdb150a\" data-element_type=\"column\">\n\t\t\t<div class=\"elementor-widget-wrap elementor-element-populated\">\n\t\t\t\t\t\t<div class=\"elementor-element elementor-element-7b766ab elementor-invisible elementor-widget elementor-widget-shelly-feature-box\" data-id=\"7b766ab\" data-element_type=\"widget\" data-settings=\"{&quot;_animation&quot;:&quot;fadeInUp&quot;,&quot;_animation_delay&quot;:100}\" data-widget_type=\"shelly-feature-box.default\">\n\t\t\t\t<div class=\"elementor-widget-container\">\n\t\t\t            <div class=\"site-feature\">\n                <div class=\"site-feature--icon\">\n                    <svg aria-hidden=\"true\" class=\"e-font-icon-svg e-fas-child\" viewBox=\"0 0 384 512\" xmlns=\"http:\/\/www.w3.org\/2000\/svg\"><path d=\"M120 72c0-39.765 32.235-72 72-72s72 32.235 72 72c0 39.764-32.235 72-72 72s-72-32.236-72-72zm254.627 1.373c-12.496-12.497-32.758-12.497-45.254 0L242.745 160H141.254L54.627 73.373c-12.496-12.497-32.758-12.497-45.254 0-12.497 12.497-12.497 32.758 0 45.255L104 213.254V480c0 17.673 14.327 32 32 32h16c17.673 0 32-14.327 32-32V368h16v112c0 17.673 14.327 32 32 32h16c17.673 0 32-14.327 32-32V213.254l94.627-94.627c12.497-12.497 12.497-32.757 0-45.254z\"><\/path><\/svg>                <\/div>\n                                <h5>Educativa di strada<\/h5>\n                                                <p>Vivi il cambiamento nel tuo quartiere!\n\nCi trovi nei quartieri e nei luoghi di ritrovo pi\u00f9 frequentati della tua citt\u00e0 con interventi di educativa di strada: attivit\u00e0 di animazione, sport, orientamento educativo, riqualificazione, arte e cultura di strada.<\/p>\n                \n                            <\/div>\n\t\t\t\t<\/div>\n\t\t\t\t<\/div>\n\t\t\t\t\t<\/div>\n\t\t<\/div>\n\t\t\t\t\t<\/div>\n\t\t<\/section>\n\t\t\t\t<section class=\"elementor-section elementor-top-section elementor-element elementor-element-27a88e7 elementor-section-content-bottom elementor-section-boxed elementor-section-height-default elementor-section-height-default\" data-id=\"27a88e7\" data-element_type=\"section\">\n\t\t\t\t\t\t<div class=\"elementor-container elementor-column-gap-default\">\n\t\t\t\t\t<div class=\"elementor-column elementor-col-50 elementor-top-column elementor-element elementor-element-db54488\" data-id=\"db54488\" data-element_type=\"column\">\n\t\t\t<div class=\"elementor-widget-wrap elementor-element-populated\">\n\t\t\t\t\t\t<div class=\"elementor-element elementor-element-aab2005 elementor-widget elementor-widget-shelly-heading-split\" data-id=\"aab2005\" data-element_type=\"widget\" data-widget_type=\"shelly-heading-split.default\">\n\t\t\t\t<div class=\"elementor-widget-container\">\n\t\t\t        <div class=\"site-heading\">\n            <h2 class=\"shelly-heading\">\n            Eventi <span>in arrivo<\/span>             <\/h2>\n\n                    <\/div>\n        \t\t<\/div>\n\t\t\t\t<\/div>\n\t\t\t\t<div class=\"elementor-element elementor-element-a46a85f elementor-widget elementor-widget-text-editor\" data-id=\"a46a85f\" data-element_type=\"widget\" data-widget_type=\"text-editor.default\">\n\t\t\t\t<div class=\"elementor-widget-container\">\n\t\t\t\t\t\t\t<p>Scopri gli eventi del progetto<\/p>\t\t\t\t\t\t<\/div>\n\t\t\t\t<\/div>\n\t\t\t\t<div class=\"elementor-element elementor-element-18b7cd1 fadeInUp elementor-hidden-phone elementor-hidden-tablet elementor-widget elementor-widget-shelly-double-gallery\" data-id=\"18b7cd1\" data-element_type=\"widget\" data-widget_type=\"shelly-double-gallery.default\">\n\t\t\t\t<div class=\"elementor-widget-container\">\n\t\t\t        <div class=\"double-gallery\">\n                        <figure class=\"fadeInUp\">\n                <img decoding=\"async\"\n                    src=\"https:\/\/www.scuoleattivedicomunita.it\/wp-content\/uploads\/2024\/11\/WhatsApp-Image-2024-11-07-at-13.09.15.jpeg\"\n                    alt=\"\" >\n            <\/figure>\n            <div class=\"color-accent fadeInUp\">\n                <span class=\"color-accent-motion\"><\/span>\n            <\/div>\n                        <figure class=\"fadeInUp\">\n                <img decoding=\"async\"\n                    src=\"https:\/\/www.scuoleattivedicomunita.it\/wp-content\/uploads\/2024\/10\/WhatsApp-Image-2023-09-04-at-16.36.17-1.jpeg\"\n                    alt=\"\" >\n            <\/figure>\n            <div class=\"color-accent fadeInUp\">\n                <span class=\"color-accent-motion\"><\/span>\n            <\/div>\n                        <figure class=\"fadeInUp\">\n                <img decoding=\"async\"\n                    src=\"https:\/\/www.scuoleattivedicomunita.it\/wp-content\/uploads\/2024\/10\/132ddefd-2fde-4369-904c-826a25275278.jpg\"\n                    alt=\"\" >\n            <\/figure>\n            <div class=\"color-accent fadeInUp\">\n                <span class=\"color-accent-motion\"><\/span>\n            <\/div>\n                        <div class=\"color-accent fadeInUp\">\n                <span class=\"color-accent-motion\"><\/span>\n            <\/div>\n        <\/div>\n        \t\t<\/div>\n\t\t\t\t<\/div>\n\t\t\t\t\t<\/div>\n\t\t<\/div>\n\t\t\t\t<div class=\"elementor-column elementor-col-50 elementor-top-column elementor-element elementor-element-ae8350a\" data-id=\"ae8350a\" data-element_type=\"column\">\n\t\t\t<div class=\"elementor-widget-wrap elementor-element-populated\">\n\t\t\t\t\t\t<div class=\"elementor-element elementor-element-4543d71 elementor-widget elementor-widget-shelly-courses-feed\" data-id=\"4543d71\" data-element_type=\"widget\" data-widget_type=\"shelly-courses-feed.default\">\n\t\t\t\t<div class=\"elementor-widget-container\">\n\t\t\t        <section class=\"events-section events-section--shift\">\n            <div class=\"events-list\">\n                            <\/div>\n        <\/section>\n\t    \t\t<\/div>\n\t\t\t\t<\/div>\n\t\t\t\t\t<\/div>\n\t\t<\/div>\n\t\t\t\t\t<\/div>\n\t\t<\/section>\n\t\t\t\t<section class=\"elementor-section elementor-top-section elementor-element elementor-element-68f8859 elementor-section-boxed elementor-section-height-default elementor-section-height-default\" data-id=\"68f8859\" data-element_type=\"section\">\n\t\t\t\t\t\t<div class=\"elementor-container elementor-column-gap-default\">\n\t\t\t\t\t<div class=\"elementor-column elementor-col-100 elementor-top-column elementor-element elementor-element-d81a085\" data-id=\"d81a085\" data-element_type=\"column\">\n\t\t\t<div class=\"elementor-widget-wrap elementor-element-populated\">\n\t\t\t\t\t\t<div class=\"elementor-element elementor-element-8cebfc7 elementor-widget elementor-widget-shelly-heading-split\" data-id=\"8cebfc7\" data-element_type=\"widget\" data-widget_type=\"shelly-heading-split.default\">\n\t\t\t\t<div class=\"elementor-widget-container\">\n\t\t\t        <div class=\"site-heading\">\n            <h2 class=\"shelly-heading\">\n            Il nostro <span>Blog<\/span>             <\/h2>\n\n                    <\/div>\n        \t\t<\/div>\n\t\t\t\t<\/div>\n\t\t\t\t<div class=\"elementor-element elementor-element-f96a075 elementor-widget elementor-widget-text-editor\" data-id=\"f96a075\" data-element_type=\"widget\" data-widget_type=\"text-editor.default\">\n\t\t\t\t<div class=\"elementor-widget-container\">\n\t\t\t\t\t\t\t<p>Scopri gli ultimi aggiornamenti<\/p>\t\t\t\t\t\t<\/div>\n\t\t\t\t<\/div>\n\t\t\t\t\t<\/div>\n\t\t<\/div>\n\t\t\t\t\t<\/div>\n\t\t<\/section>\n\t\t\t\t<section class=\"elementor-section elementor-top-section elementor-element elementor-element-d54dbd6 elementor-section-boxed elementor-section-height-default elementor-section-height-default\" data-id=\"d54dbd6\" data-element_type=\"section\">\n\t\t\t\t\t\t<div class=\"elementor-container elementor-column-gap-default\">\n\t\t\t\t\t<div class=\"elementor-column elementor-col-100 elementor-top-column elementor-element elementor-element-4797c2d\" data-id=\"4797c2d\" data-element_type=\"column\">\n\t\t\t<div class=\"elementor-widget-wrap elementor-element-populated\">\n\t\t\t\t\t\t<div class=\"elementor-element elementor-element-505a23b elementor-widget elementor-widget-shelly-blog-feed\" data-id=\"505a23b\" data-element_type=\"widget\" data-widget_type=\"shelly-blog-feed.default\">\n\t\t\t\t<div class=\"elementor-widget-container\">\n\t\t\t    <div class=\"blog-posts\">\n        <div class=\"row\">\n                            <div class=\"col-lg-4 col-md-6 col-sm-6\">\n                    <div class=\"blog-post\">\n                                                    <div class=\"blog-thumbnail\">\n                                <a href=\"https:\/\/www.scuoleattivedicomunita.it\/?p=2508\">\n                                    <img fetchpriority=\"high\" decoding=\"async\" width=\"370\" height=\"227\" src=\"https:\/\/www.scuoleattivedicomunita.it\/wp-content\/uploads\/2024\/10\/WhatsApp-Image-2023-09-04-at-16.36.18-370x227.jpeg\" class=\"w-100 wp-post-image\" alt=\"\" \/>                                <\/a>\n                                                                    <a href=\"https:\/\/www.scuoleattivedicomunita.it\/?cat=25\" class=\"blog-category\">Sportello<\/a>\n                                                            <\/div>\n                                                <div class=\"blog-info\">\n                            <div class=\"blog-info--date\">\n                                                                <a href=\"https:\/\/www.scuoleattivedicomunita.it\/?m=20250228\">\n                                    28 Febbraio 2025                                <\/a>\n                            <\/div>\n                            <h3>\n                                <a href=\"https:\/\/www.scuoleattivedicomunita.it\/?p=2508\">\n                                    Scuole Attive di Comunit\u00e0 incontra Marianna Mellone, coordinatrice del progetto e referente per Arci Brindisi                                <\/a>\n                            <\/h3>\n                            <p><!-- wp:paragraph -->\n<p>Il progetto Scuole Attive di Comunit\u00e0 rappresenta un'importante ... <!-- \/wp:paragraph --><\/p>\n                        <\/div>\n                    <\/div><!--blog-post end-->\n                <\/div>\n                            <div class=\"col-lg-4 col-md-6 col-sm-6\">\n                    <div class=\"blog-post\">\n                                                    <div class=\"blog-thumbnail\">\n                                <a href=\"https:\/\/www.scuoleattivedicomunita.it\/?p=2439\">\n                                    <img decoding=\"async\" width=\"370\" height=\"227\" src=\"https:\/\/www.scuoleattivedicomunita.it\/wp-content\/uploads\/2025\/01\/WhatsApp-Image-2024-12-28-at-18.12.09-370x227.jpeg\" class=\"w-100 wp-post-image\" alt=\"\" \/>                                <\/a>\n                                                                    <a href=\"https:\/\/www.scuoleattivedicomunita.it\/?cat=25\" class=\"blog-category\">Sportello<\/a>\n                                                            <\/div>\n                                                <div class=\"blog-info\">\n                            <div class=\"blog-info--date\">\n                                                                <a href=\"https:\/\/www.scuoleattivedicomunita.it\/?m=20250103\">\n                                    3 Gennaio 2025                                <\/a>\n                            <\/div>\n                            <h3>\n                                <a href=\"https:\/\/www.scuoleattivedicomunita.it\/?p=2439\">\n                                    Lo sportello di ascolto una nuova comunit\u00e0 educante                                <\/a>\n                            <\/h3>\n                            <p><!-- wp:paragraph -->\n<p>Abbiamo intervistato Valentina Carrieri, operatrice dello sportello di ... <!-- \/wp:paragraph --><\/p>\n                        <\/div>\n                    <\/div><!--blog-post end-->\n                <\/div>\n                            <div class=\"col-lg-4 col-md-6 col-sm-6\">\n                    <div class=\"blog-post\">\n                                                    <div class=\"blog-thumbnail\">\n                                <a href=\"https:\/\/www.scuoleattivedicomunita.it\/?p=2434\">\n                                    <img decoding=\"async\" width=\"370\" height=\"227\" src=\"https:\/\/www.scuoleattivedicomunita.it\/wp-content\/uploads\/2024\/10\/WhatsApp-Image-2023-09-07-at-08.49.40-370x227.jpeg\" class=\"w-100 wp-post-image\" alt=\"\" \/>                                <\/a>\n                                                                    <a href=\"https:\/\/www.scuoleattivedicomunita.it\/?cat=26\" class=\"blog-category\">Edu Camp<\/a>\n                                                            <\/div>\n                                                <div class=\"blog-info\">\n                            <div class=\"blog-info--date\">\n                                                                <a href=\"https:\/\/www.scuoleattivedicomunita.it\/?m=20241203\">\n                                    3 Dicembre 2024                                <\/a>\n                            <\/div>\n                            <h3>\n                                <a href=\"https:\/\/www.scuoleattivedicomunita.it\/?p=2434\">\n                                    Il lavoro di Educativa di Strada nel progetto Scuole Attive di Comunit\u00e0: un&#8217;esperienza di partecipazione e integrazione                                <\/a>\n                            <\/h3>\n                            <p><!-- wp:paragraph -->\n<p>Il lavoro di educativa di strada all'interno del ... <!-- \/wp:paragraph --><\/p>\n                        <\/div>\n                    <\/div><!--blog-post end-->\n                <\/div>\n                    <\/div>\n    <\/div>\n\t\t\t<\/div>\n\t\t\t\t<\/div>\n\t\t\t\t\t<\/div>\n\t\t<\/div>\n\t\t\t\t\t<\/div>\n\t\t<\/section>\n\t\t\t\t<section class=\"elementor-section elementor-top-section elementor-element elementor-element-ab38780 elementor-hidden-phone elementor-section-boxed elementor-section-height-default elementor-section-height-default\" data-id=\"ab38780\" data-element_type=\"section\">\n\t\t\t\t\t\t<div class=\"elementor-container elementor-column-gap-default\">\n\t\t\t\t\t<div class=\"elementor-column elementor-col-100 elementor-top-column elementor-element elementor-element-29e96ee\" data-id=\"29e96ee\" data-element_type=\"column\">\n\t\t\t<div class=\"elementor-widget-wrap elementor-element-populated\">\n\t\t\t\t\t\t<div class=\"elementor-element elementor-element-05ef5d0 elementor-widget elementor-widget-shelly-heading-split\" data-id=\"05ef5d0\" data-element_type=\"widget\" data-widget_type=\"shelly-heading-split.default\">\n\t\t\t\t<div class=\"elementor-widget-container\">\n\t\t\t        <div class=\"site-heading\">\n            <h2 class=\"shelly-heading\">\n            Gallery delle  <span>Attivit\u00e0<\/span>             <\/h2>\n\n                    <\/div>\n        \t\t<\/div>\n\t\t\t\t<\/div>\n\t\t\t\t<div class=\"elementor-element elementor-element-376a683 elementor-widget elementor-widget-text-editor\" data-id=\"376a683\" data-element_type=\"widget\" data-widget_type=\"text-editor.default\">\n\t\t\t\t<div class=\"elementor-widget-container\">\n\t\t\t\t\t\t\t<p>Instructor led training digital learning cbt completion criteria learning management system cognitive load byod self-directed learning knowledge<\/p>\t\t\t\t\t\t<\/div>\n\t\t\t\t<\/div>\n\t\t\t\t\t<\/div>\n\t\t<\/div>\n\t\t\t\t\t<\/div>\n\t\t<\/section>\n\t\t\t\t<div class=\"elementor-section elementor-top-section elementor-element elementor-element-e428f05 elementor-section-boxed elementor-section-height-default elementor-section-height-default\" data-id=\"e428f05\" data-element_type=\"section\">\n\t\t\t\t\t\t<div class=\"elementor-container elementor-column-gap-default\">\n\t\t\t\t\t<div class=\"elementor-column elementor-col-100 elementor-top-column elementor-element elementor-element-9f92390\" data-id=\"9f92390\" data-element_type=\"column\">\n\t\t\t<div class=\"elementor-widget-wrap elementor-element-populated\">\n\t\t\t\t\t\t<div class=\"elementor-element elementor-element-bacdd19 zoomIn elementor-hidden-phone elementor-widget elementor-widget-shelly-masonry-gallery\" data-id=\"bacdd19\" data-element_type=\"widget\" data-widget_type=\"shelly-masonry-gallery.default\">\n\t\t\t\t<div class=\"elementor-widget-container\">\n\t\t\t        <div class=\"masonry-gallery\">\n                        <div class=\"masonry-gallery--image zoomIn\">\n                <a\n                    data-elementor-open-lightbox=\"yes\"\n                    data-elementor-lightbox-slideshow=\"217ee89\"\n                    data-elementor-lightbox-title=\"\" href=\"https:\/\/www.scuoleattivedicomunita.it\/wp-content\/uploads\/2024\/10\/WhatsApp-Image-2023-09-04-at-16.36.18.jpeg\" >\n                    <img decoding=\"async\"\n                        src=\"https:\/\/www.scuoleattivedicomunita.it\/wp-content\/uploads\/2024\/10\/WhatsApp-Image-2023-09-04-at-16.36.18.jpeg\"\n                        alt=\"\" >\n                <\/a>\n            <\/div>\n                        <div class=\"masonry-gallery--image zoomIn\">\n                <a\n                    data-elementor-open-lightbox=\"yes\"\n                    data-elementor-lightbox-slideshow=\"217ee89\"\n                    data-elementor-lightbox-title=\"\" href=\"https:\/\/www.scuoleattivedicomunita.it\/wp-content\/uploads\/2024\/10\/9a33ba4c-45f8-4510-8ded-9f277683e554.jpg\" >\n                    <img decoding=\"async\"\n                        src=\"https:\/\/www.scuoleattivedicomunita.it\/wp-content\/uploads\/2024\/10\/9a33ba4c-45f8-4510-8ded-9f277683e554.jpg\"\n                        alt=\"\" >\n                <\/a>\n            <\/div>\n                        <div class=\"masonry-gallery--image zoomIn\">\n                <a\n                    data-elementor-open-lightbox=\"yes\"\n                    data-elementor-lightbox-slideshow=\"217ee89\"\n                    data-elementor-lightbox-title=\"\" href=\"https:\/\/www.scuoleattivedicomunita.it\/wp-content\/uploads\/2024\/11\/WhatsApp-Image-2024-11-05-at-17.10.30.jpeg\" >\n                    <img decoding=\"async\"\n                        src=\"https:\/\/www.scuoleattivedicomunita.it\/wp-content\/uploads\/2024\/11\/WhatsApp-Image-2024-11-05-at-17.10.30.jpeg\"\n                        alt=\"\" >\n                <\/a>\n            <\/div>\n                        <div class=\"masonry-gallery--image zoomIn\">\n                <a\n                    data-elementor-open-lightbox=\"yes\"\n                    data-elementor-lightbox-slideshow=\"217ee89\"\n                    data-elementor-lightbox-title=\"\" href=\"https:\/\/www.scuoleattivedicomunita.it\/wp-content\/uploads\/2024\/11\/WhatsApp-Image-2024-11-05-at-17.13.45.jpeg\" >\n                    <img decoding=\"async\"\n                        src=\"https:\/\/www.scuoleattivedicomunita.it\/wp-content\/uploads\/2024\/11\/WhatsApp-Image-2024-11-05-at-17.13.45.jpeg\"\n                        alt=\"\" >\n                <\/a>\n            <\/div>\n                        <div class=\"masonry-gallery--image zoomIn\">\n                <a\n                    data-elementor-open-lightbox=\"yes\"\n                    data-elementor-lightbox-slideshow=\"217ee89\"\n                    data-elementor-lightbox-title=\"\" href=\"https:\/\/www.scuoleattivedicomunita.it\/wp-content\/uploads\/2024\/11\/WhatsApp-Image-2024-11-05-at-16.51.28.jpeg\" >\n                    <img decoding=\"async\"\n                        src=\"https:\/\/www.scuoleattivedicomunita.it\/wp-content\/uploads\/2024\/11\/WhatsApp-Image-2024-11-05-at-16.51.28.jpeg\"\n                        alt=\"\" >\n                <\/a>\n            <\/div>\n                        <div class=\"masonry-gallery--image zoomIn\">\n                <a\n                    data-elementor-open-lightbox=\"yes\"\n                    data-elementor-lightbox-slideshow=\"217ee89\"\n                    data-elementor-lightbox-title=\"\" href=\"https:\/\/www.scuoleattivedicomunita.it\/wp-content\/uploads\/2024\/11\/WhatsApp-Image-2024-11-05-at-17.08.28.jpeg\" >\n                    <img decoding=\"async\"\n                        src=\"https:\/\/www.scuoleattivedicomunita.it\/wp-content\/uploads\/2024\/11\/WhatsApp-Image-2024-11-05-at-17.08.28.jpeg\"\n                        alt=\"\" >\n                <\/a>\n            <\/div>\n                        <div class=\"masonry-gallery--image zoomIn\">\n                <a\n                    data-elementor-open-lightbox=\"yes\"\n                    data-elementor-lightbox-slideshow=\"217ee89\"\n                    data-elementor-lightbox-title=\"\" href=\"https:\/\/www.scuoleattivedicomunita.it\/wp-content\/uploads\/2024\/10\/MERENDA.jpg\" >\n                    <img decoding=\"async\"\n                        src=\"https:\/\/www.scuoleattivedicomunita.it\/wp-content\/uploads\/2024\/10\/MERENDA.jpg\"\n                        alt=\"\" >\n                <\/a>\n            <\/div>\n                        <div class=\"masonry-gallery--image zoomIn\">\n                <a\n                    data-elementor-open-lightbox=\"yes\"\n                    data-elementor-lightbox-slideshow=\"217ee89\"\n                    data-elementor-lightbox-title=\"\" href=\"https:\/\/www.scuoleattivedicomunita.it\/wp-content\/uploads\/2024\/10\/9e41804f-848d-4ff1-95a2-341935375102.jpg\" >\n                    <img decoding=\"async\"\n                        src=\"https:\/\/www.scuoleattivedicomunita.it\/wp-content\/uploads\/2024\/10\/9e41804f-848d-4ff1-95a2-341935375102.jpg\"\n                        alt=\"\" >\n                <\/a>\n            <\/div>\n                        <div class=\"masonry-gallery--image zoomIn\">\n                <a\n                    data-elementor-open-lightbox=\"yes\"\n                    data-elementor-lightbox-slideshow=\"217ee89\"\n                    data-elementor-lightbox-title=\"\" href=\"https:\/\/www.scuoleattivedicomunita.it\/wp-content\/uploads\/2024\/10\/WhatsApp-Image-2023-09-07-at-08.49.40.jpeg\" >\n                    <img decoding=\"async\"\n                        src=\"https:\/\/www.scuoleattivedicomunita.it\/wp-content\/uploads\/2024\/10\/WhatsApp-Image-2023-09-07-at-08.49.40.jpeg\"\n                        alt=\"\" >\n                <\/a>\n            <\/div>\n                        <div class=\"masonry-gallery--image zoomIn\">\n                <a\n                    data-elementor-open-lightbox=\"yes\"\n                    data-elementor-lightbox-slideshow=\"217ee89\"\n                    data-elementor-lightbox-title=\"\" href=\"https:\/\/www.scuoleattivedicomunita.it\/wp-content\/uploads\/2024\/11\/WhatsApp-Image-2024-11-05-at-17.12.02.jpeg\" >\n                    <img decoding=\"async\"\n                        src=\"https:\/\/www.scuoleattivedicomunita.it\/wp-content\/uploads\/2024\/11\/WhatsApp-Image-2024-11-05-at-17.12.02.jpeg\"\n                        alt=\"\" >\n                <\/a>\n            <\/div>\n                        <span class=\"masonry-gallery--color-accent color-accent-motion zoomIn\"><\/span>\n            <span class=\"masonry-gallery--color-accent color-accent-motion zoomIn\"><\/span>\n            <span class=\"masonry-gallery--color-accent color-accent-motion zoomIn\"><\/span>\n        <\/div>\n\n        \t\t<\/div>\n\t\t\t\t<\/div>\n\t\t\t\t\t<\/div>\n\t\t<\/div>\n\t\t\t\t\t<\/div>\n\t\t<\/div>\n\t\t\t\t<section class=\"elementor-section elementor-top-section elementor-element elementor-element-e9bea78 elementor-section-boxed elementor-section-height-default elementor-section-height-default\" data-id=\"e9bea78\" data-element_type=\"section\">\n\t\t\t\t\t\t<div class=\"elementor-container elementor-column-gap-default\">\n\t\t\t\t\t<div class=\"elementor-column elementor-col-100 elementor-top-column elementor-element elementor-element-38ca7f1\" data-id=\"38ca7f1\" data-element_type=\"column\">\n\t\t\t<div class=\"elementor-widget-wrap elementor-element-populated\">\n\t\t\t\t\t\t<div class=\"elementor-element elementor-element-af89d0f elementor-widget elementor-widget-shelly-heading-split\" data-id=\"af89d0f\" data-element_type=\"widget\" data-widget_type=\"shelly-heading-split.default\">\n\t\t\t\t<div class=\"elementor-widget-container\">\n\t\t\t        <div class=\"site-heading\">\n            <h2 class=\"shelly-heading\">\n            I nostri <span>Social<\/span>             <\/h2>\n\n                    <\/div>\n        \t\t<\/div>\n\t\t\t\t<\/div>\n\t\t\t\t\t<\/div>\n\t\t<\/div>\n\t\t\t\t\t<\/div>\n\t\t<\/section>\n\t\t<div class=\"elementor-element elementor-element-f820359 e-flex e-con-boxed e-con e-parent\" data-id=\"f820359\" data-element_type=\"container\">\n\t\t\t\t\t<div class=\"e-con-inner\">\n\t\t\t\t<div class=\"elementor-element elementor-element-167596f elementor-widget elementor-widget-shortcode\" data-id=\"167596f\" data-element_type=\"widget\" data-widget_type=\"shortcode.default\">\n\t\t\t\t<div class=\"elementor-widget-container\">\n\t\t\t\t\t<div class=\"elementor-shortcode\">\n<div id=\"sb_instagram\"  class=\"sbi sbi_mob_col_1 sbi_tab_col_2 sbi_col_4 sbi_width_resp\" style=\"padding-bottom: 10px;\" data-feedid=\"*2\"  data-res=\"auto\" data-cols=\"4\" data-colsmobile=\"1\" data-colstablet=\"2\" data-num=\"4\" data-nummobile=\"4\" data-item-padding=\"5\" data-shortcode-atts=\"{&quot;feed&quot;:&quot;2&quot;}\"  data-postid=\"2434\" data-locatornonce=\"f52b441391\" data-sbi-flags=\"favorLocal\">\n\t<div class=\"sb_instagram_header  sbi_no_avatar\"   >\n\t<a class=\"sbi_header_link\" target=\"_blank\" rel=\"nofollow noopener\" href=\"https:\/\/www.instagram.com\/scuoleattive_di_comunita\/\" title=\"@scuoleattive_di_comunita\">\n\t\t<div class=\"sbi_header_text sbi_no_bio\">\n\t\t\t<div class=\"sbi_header_img\">\n\t\t\t\t\t\t\t\t\t\t\t\t\t<div class=\"sbi_header_hashtag_icon\"  ><svg class=\"sbi_new_logo fa-instagram fa-w-14\" aria-hidden=\"true\" data-fa-processed=\"\" aria-label=\"Instagram\" data-prefix=\"fab\" data-icon=\"instagram\" role=\"img\" viewBox=\"0 0 448 512\">\n\t                <path fill=\"currentColor\" d=\"M224.1 141c-63.6 0-114.9 51.3-114.9 114.9s51.3 114.9 114.9 114.9S339 319.5 339 255.9 287.7 141 224.1 141zm0 189.6c-41.1 0-74.7-33.5-74.7-74.7s33.5-74.7 74.7-74.7 74.7 33.5 74.7 74.7-33.6 74.7-74.7 74.7zm146.4-194.3c0 14.9-12 26.8-26.8 26.8-14.9 0-26.8-12-26.8-26.8s12-26.8 26.8-26.8 26.8 12 26.8 26.8zm76.1 27.2c-1.7-35.9-9.9-67.7-36.2-93.9-26.2-26.2-58-34.4-93.9-36.2-37-2.1-147.9-2.1-184.9 0-35.8 1.7-67.6 9.9-93.9 36.1s-34.4 58-36.2 93.9c-2.1 37-2.1 147.9 0 184.9 1.7 35.9 9.9 67.7 36.2 93.9s58 34.4 93.9 36.2c37 2.1 147.9 2.1 184.9 0 35.9-1.7 67.7-9.9 93.9-36.2 26.2-26.2 34.4-58 36.2-93.9 2.1-37 2.1-147.8 0-184.8zM398.8 388c-7.8 19.6-22.9 34.7-42.6 42.6-29.5 11.7-99.5 9-132.1 9s-102.7 2.6-132.1-9c-19.6-7.8-34.7-22.9-42.6-42.6-11.7-29.5-9-99.5-9-132.1s-2.6-102.7 9-132.1c7.8-19.6 22.9-34.7 42.6-42.6 29.5-11.7 99.5-9 132.1-9s102.7-2.6 132.1 9c19.6 7.8 34.7 22.9 42.6 42.6 11.7 29.5 9 99.5 9 132.1s2.7 102.7-9 132.1z\"><\/path>\n\t            <\/svg><\/div>\n\t\t\t\t\t\t\t<\/div>\n\n\t\t\t<div class=\"sbi_feedtheme_header_text\">\n\t\t\t\t<h3>scuoleattive_di_comunita<\/h3>\n\t\t\t\t\t\t\t<\/div>\n\t\t<\/div>\n\t<\/a>\n<\/div>\n\n    <div id=\"sbi_images\"  style=\"gap: 10px;\">\n\t\t<div class=\"sbi_item sbi_type_image sbi_new sbi_transition\" id=\"sbi_17955165164746935\" data-date=\"1733320826\">\n    <div class=\"sbi_photo_wrap\">\n        <a class=\"sbi_photo\" href=\"https:\/\/www.instagram.com\/p\/DDKLWH6CM_f\/\" target=\"_blank\" rel=\"noopener nofollow\" data-full-res=\"https:\/\/scontent-mxp2-1.cdninstagram.com\/v\/t39.30808-6\/468530766_122149713410311336_4904123284173928911_n.jpg?_nc_cat=109&#038;ccb=1-7&#038;_nc_sid=18de74&#038;_nc_ohc=rvNiCjcYhvAQ7kNvgGDaeRB&#038;_nc_zt=23&#038;_nc_ht=scontent-mxp2-1.cdninstagram.com&#038;edm=ANo9K5cEAAAA&#038;_nc_gid=AzwD5a1IEM6hihk4T2r5z-M&#038;oh=00_AYBg1ZP8lNu_jhY-pQdsjX5XPlh6U4-PePn3C8p_EeYJmA&#038;oe=67563A24\" data-img-src-set=\"{&quot;d&quot;:&quot;https:\\\/\\\/scontent-mxp2-1.cdninstagram.com\\\/v\\\/t39.30808-6\\\/468530766_122149713410311336_4904123284173928911_n.jpg?_nc_cat=109&amp;ccb=1-7&amp;_nc_sid=18de74&amp;_nc_ohc=rvNiCjcYhvAQ7kNvgGDaeRB&amp;_nc_zt=23&amp;_nc_ht=scontent-mxp2-1.cdninstagram.com&amp;edm=ANo9K5cEAAAA&amp;_nc_gid=AzwD5a1IEM6hihk4T2r5z-M&amp;oh=00_AYBg1ZP8lNu_jhY-pQdsjX5XPlh6U4-PePn3C8p_EeYJmA&amp;oe=67563A24&quot;,&quot;150&quot;:&quot;https:\\\/\\\/scontent-mxp2-1.cdninstagram.com\\\/v\\\/t39.30808-6\\\/468530766_122149713410311336_4904123284173928911_n.jpg?_nc_cat=109&amp;ccb=1-7&amp;_nc_sid=18de74&amp;_nc_ohc=rvNiCjcYhvAQ7kNvgGDaeRB&amp;_nc_zt=23&amp;_nc_ht=scontent-mxp2-1.cdninstagram.com&amp;edm=ANo9K5cEAAAA&amp;_nc_gid=AzwD5a1IEM6hihk4T2r5z-M&amp;oh=00_AYBg1ZP8lNu_jhY-pQdsjX5XPlh6U4-PePn3C8p_EeYJmA&amp;oe=67563A24&quot;,&quot;320&quot;:&quot;https:\\\/\\\/scontent-mxp2-1.cdninstagram.com\\\/v\\\/t39.30808-6\\\/468530766_122149713410311336_4904123284173928911_n.jpg?_nc_cat=109&amp;ccb=1-7&amp;_nc_sid=18de74&amp;_nc_ohc=rvNiCjcYhvAQ7kNvgGDaeRB&amp;_nc_zt=23&amp;_nc_ht=scontent-mxp2-1.cdninstagram.com&amp;edm=ANo9K5cEAAAA&amp;_nc_gid=AzwD5a1IEM6hihk4T2r5z-M&amp;oh=00_AYBg1ZP8lNu_jhY-pQdsjX5XPlh6U4-PePn3C8p_EeYJmA&amp;oe=67563A24&quot;,&quot;640&quot;:&quot;https:\\\/\\\/scontent-mxp2-1.cdninstagram.com\\\/v\\\/t39.30808-6\\\/468530766_122149713410311336_4904123284173928911_n.jpg?_nc_cat=109&amp;ccb=1-7&amp;_nc_sid=18de74&amp;_nc_ohc=rvNiCjcYhvAQ7kNvgGDaeRB&amp;_nc_zt=23&amp;_nc_ht=scontent-mxp2-1.cdninstagram.com&amp;edm=ANo9K5cEAAAA&amp;_nc_gid=AzwD5a1IEM6hihk4T2r5z-M&amp;oh=00_AYBg1ZP8lNu_jhY-pQdsjX5XPlh6U4-PePn3C8p_EeYJmA&amp;oe=67563A24&quot;}\">\n            <span class=\"sbi-screenreader\">Cosa significa davvero #incontrarsi? Significa sco<\/span>\n            \t                    <img decoding=\"async\" src=\"https:\/\/www.scuoleattivedicomunita.it\/wp-content\/plugins\/instagram-feed\/img\/placeholder.png\" alt=\"Cosa significa davvero #incontrarsi? Significa scoprire qualcosa di nuovo: un\u2019idea, una passione, un volto. Significa avere il coraggio di uscire dalla propria zona di comfort, di provare, di sbagliare, di crescere.\n\nCon Scuole Attive di Comunit\u00e0, ogni esperienza \u00e8 un incontro. Ogni incontro \u00e8 una scoperta. \ud83d\udc49 Per chi ha tra gli 11 e i 17 anni, c\u2019\u00e8 un mondo da esplorare:\n\n\ud835\udddc\ud835\uddfb\ud835\ude00\ud835\uddf2\ud835\uddf4\ud835\ude02\ud835\uddf6\ud835\uddff\ud835\uddf2 \ud835\uddfd\ud835\uddee\ud835\ude00\ud835\ude00\ud835\uddf6\ud835\uddfc\ud835\uddfb\ud835\uddf6 con laboratori e attivit\u00e0 STEM gratuite;\n\ud835\udddc\ud835\uddfa\ud835\uddfd\ud835\uddee\ud835\uddff\ud835\uddee\ud835\uddff\ud835\uddf2 \ud835\uddee \ud835\uddf0\ud835\uddff\ud835\uddf2\ud835\ude00\ud835\uddf0\ud835\uddf2\ud835\uddff\ud835\uddf2 insieme, grazie agli sportelli di ascolto;\n\ud835\udde5\ud835\uddf2\ud835\uddfb\ud835\uddf1\ud835\uddf2\ud835\uddff\ud835\uddf2 \ud835\uddf9\ud835\uddee \ud835\uddfd\ud835\uddff\ud835\uddfc\ud835\uddfd\ud835\uddff\ud835\uddf6\ud835\uddee \ud835\uddf0\ud835\uddfc\ud835\uddfa\ud835\ude02\ud835\uddfb\ud835\uddf6\ud835\ude01\ud835\uddee\u0300 un luogo pi\u00f9 vivo con Educativa di Strada.\n\nE tu cosa aspetti a lasciarti ispirare?\n\n\ud83d\udcde \ud835\udddc\ud835\udde1\ud835\uddd9\ud835\udde2: +39 338 228 3093\n\ud83c\udf10 www.scuoleattivedicomunita.it\n\nIl progetto \u00e8 promosso da Arci Brindisi e supportato da UISP Brindisi - Ambito Territoriale Sociale Brindisi 4 - @ilsogno_cooperativasociale - I.I.S.S. Epifanio Ferdinando - I.I.S.S. Ferraris - De Marco -Valzani\n\n#arcibrindisi #ScuoleAttiveDiComunit\u00e0 #PNRR #GiovaniProtagonisti #QuartiereVivo #SportEDivertimento #ilsognocooperativasociale #viverenuoveesperienze\">\n        <\/a>\n    <\/div>\n<\/div><div class=\"sbi_item sbi_type_image sbi_new sbi_transition\" id=\"sbi_18474740038038222\" data-date=\"1733151204\">\n    <div class=\"sbi_photo_wrap\">\n        <a class=\"sbi_photo\" href=\"https:\/\/www.instagram.com\/p\/DDFH0UxuPZg\/\" target=\"_blank\" rel=\"noopener nofollow\" data-full-res=\"https:\/\/scontent-mxp1-1.cdninstagram.com\/v\/t39.30808-6\/468422599_122149572998311336_1511157438395652353_n.jpg?_nc_cat=106&#038;ccb=1-7&#038;_nc_sid=18de74&#038;_nc_ohc=oMfkGJMrKFoQ7kNvgHjslXL&#038;_nc_zt=23&#038;_nc_ht=scontent-mxp1-1.cdninstagram.com&#038;edm=ANo9K5cEAAAA&#038;_nc_gid=AzwD5a1IEM6hihk4T2r5z-M&#038;oh=00_AYDk08ZxXE-rN_Fb3SLrusmirgv9jjDGoiv22HHOxBzLVA&#038;oe=67565068\" data-img-src-set=\"{&quot;d&quot;:&quot;https:\\\/\\\/scontent-mxp1-1.cdninstagram.com\\\/v\\\/t39.30808-6\\\/468422599_122149572998311336_1511157438395652353_n.jpg?_nc_cat=106&amp;ccb=1-7&amp;_nc_sid=18de74&amp;_nc_ohc=oMfkGJMrKFoQ7kNvgHjslXL&amp;_nc_zt=23&amp;_nc_ht=scontent-mxp1-1.cdninstagram.com&amp;edm=ANo9K5cEAAAA&amp;_nc_gid=AzwD5a1IEM6hihk4T2r5z-M&amp;oh=00_AYDk08ZxXE-rN_Fb3SLrusmirgv9jjDGoiv22HHOxBzLVA&amp;oe=67565068&quot;,&quot;150&quot;:&quot;https:\\\/\\\/scontent-mxp1-1.cdninstagram.com\\\/v\\\/t39.30808-6\\\/468422599_122149572998311336_1511157438395652353_n.jpg?_nc_cat=106&amp;ccb=1-7&amp;_nc_sid=18de74&amp;_nc_ohc=oMfkGJMrKFoQ7kNvgHjslXL&amp;_nc_zt=23&amp;_nc_ht=scontent-mxp1-1.cdninstagram.com&amp;edm=ANo9K5cEAAAA&amp;_nc_gid=AzwD5a1IEM6hihk4T2r5z-M&amp;oh=00_AYDk08ZxXE-rN_Fb3SLrusmirgv9jjDGoiv22HHOxBzLVA&amp;oe=67565068&quot;,&quot;320&quot;:&quot;https:\\\/\\\/scontent-mxp1-1.cdninstagram.com\\\/v\\\/t39.30808-6\\\/468422599_122149572998311336_1511157438395652353_n.jpg?_nc_cat=106&amp;ccb=1-7&amp;_nc_sid=18de74&amp;_nc_ohc=oMfkGJMrKFoQ7kNvgHjslXL&amp;_nc_zt=23&amp;_nc_ht=scontent-mxp1-1.cdninstagram.com&amp;edm=ANo9K5cEAAAA&amp;_nc_gid=AzwD5a1IEM6hihk4T2r5z-M&amp;oh=00_AYDk08ZxXE-rN_Fb3SLrusmirgv9jjDGoiv22HHOxBzLVA&amp;oe=67565068&quot;,&quot;640&quot;:&quot;https:\\\/\\\/scontent-mxp1-1.cdninstagram.com\\\/v\\\/t39.30808-6\\\/468422599_122149572998311336_1511157438395652353_n.jpg?_nc_cat=106&amp;ccb=1-7&amp;_nc_sid=18de74&amp;_nc_ohc=oMfkGJMrKFoQ7kNvgHjslXL&amp;_nc_zt=23&amp;_nc_ht=scontent-mxp1-1.cdninstagram.com&amp;edm=ANo9K5cEAAAA&amp;_nc_gid=AzwD5a1IEM6hihk4T2r5z-M&amp;oh=00_AYDk08ZxXE-rN_Fb3SLrusmirgv9jjDGoiv22HHOxBzLVA&amp;oe=67565068&quot;}\">\n            <span class=\"sbi-screenreader\">Ecco gli attesissimi appuntamenti di &quot;Educativa di<\/span>\n            \t                    <img decoding=\"async\" src=\"https:\/\/www.scuoleattivedicomunita.it\/wp-content\/plugins\/instagram-feed\/img\/placeholder.png\" alt=\"Ecco gli attesissimi appuntamenti di &quot;Educativa di Strada&quot; \u2728 il progetto gratuito per ragazzi e ragazze dagli 11 ai 17 anni. Gli operatori @arcibrindisi vi aspettano:\n\n\ud83d\udccd Gioved\u00ec 05 dicembre a San Pietro Vernotico\n\ud83d\udccd Venerd\u00ec 06 dicembre a Torchiarolo\n\n...con tante iniziative pensate per socializzare, divertirsi e vivere appieno gli spazi della comunit\u00e0.\n\n\ud83d\udcde Per info: +39 338 228 3093 | https:\/\/www.scuoleattivedicomunita.it\/\n\n#arcibrindisi #ScuoleAttiveDiComunit\u00e0 #PNRR #GiovaniProtagonisti #QuartiereVivo #SportEDivertimento #sanpietrovernotico #torchiarolo\">\n        <\/a>\n    <\/div>\n<\/div><div class=\"sbi_item sbi_type_image sbi_new sbi_transition\" id=\"sbi_18172093645311030\" data-date=\"1732716437\">\n    <div class=\"sbi_photo_wrap\">\n        <a class=\"sbi_photo\" href=\"https:\/\/www.instagram.com\/p\/DC4KkLtu9Ij\/\" target=\"_blank\" rel=\"noopener nofollow\" data-full-res=\"https:\/\/scontent-mxp1-1.cdninstagram.com\/v\/t39.30808-6\/468606534_122148910910311336_2112544125973903195_n.jpg?_nc_cat=106&#038;ccb=1-7&#038;_nc_sid=18de74&#038;_nc_ohc=8cnre0eEoi0Q7kNvgGMrSzC&#038;_nc_zt=23&#038;_nc_ht=scontent-mxp1-1.cdninstagram.com&#038;edm=ANo9K5cEAAAA&#038;_nc_gid=AzwD5a1IEM6hihk4T2r5z-M&#038;oh=00_AYBzPTrovVhobrNcdiUiv7Gpop5GpQ2t04PXPK3a_ESzZA&#038;oe=67564130\" data-img-src-set=\"{&quot;d&quot;:&quot;https:\\\/\\\/scontent-mxp1-1.cdninstagram.com\\\/v\\\/t39.30808-6\\\/468606534_122148910910311336_2112544125973903195_n.jpg?_nc_cat=106&amp;ccb=1-7&amp;_nc_sid=18de74&amp;_nc_ohc=8cnre0eEoi0Q7kNvgGMrSzC&amp;_nc_zt=23&amp;_nc_ht=scontent-mxp1-1.cdninstagram.com&amp;edm=ANo9K5cEAAAA&amp;_nc_gid=AzwD5a1IEM6hihk4T2r5z-M&amp;oh=00_AYBzPTrovVhobrNcdiUiv7Gpop5GpQ2t04PXPK3a_ESzZA&amp;oe=67564130&quot;,&quot;150&quot;:&quot;https:\\\/\\\/scontent-mxp1-1.cdninstagram.com\\\/v\\\/t39.30808-6\\\/468606534_122148910910311336_2112544125973903195_n.jpg?_nc_cat=106&amp;ccb=1-7&amp;_nc_sid=18de74&amp;_nc_ohc=8cnre0eEoi0Q7kNvgGMrSzC&amp;_nc_zt=23&amp;_nc_ht=scontent-mxp1-1.cdninstagram.com&amp;edm=ANo9K5cEAAAA&amp;_nc_gid=AzwD5a1IEM6hihk4T2r5z-M&amp;oh=00_AYBzPTrovVhobrNcdiUiv7Gpop5GpQ2t04PXPK3a_ESzZA&amp;oe=67564130&quot;,&quot;320&quot;:&quot;https:\\\/\\\/scontent-mxp1-1.cdninstagram.com\\\/v\\\/t39.30808-6\\\/468606534_122148910910311336_2112544125973903195_n.jpg?_nc_cat=106&amp;ccb=1-7&amp;_nc_sid=18de74&amp;_nc_ohc=8cnre0eEoi0Q7kNvgGMrSzC&amp;_nc_zt=23&amp;_nc_ht=scontent-mxp1-1.cdninstagram.com&amp;edm=ANo9K5cEAAAA&amp;_nc_gid=AzwD5a1IEM6hihk4T2r5z-M&amp;oh=00_AYBzPTrovVhobrNcdiUiv7Gpop5GpQ2t04PXPK3a_ESzZA&amp;oe=67564130&quot;,&quot;640&quot;:&quot;https:\\\/\\\/scontent-mxp1-1.cdninstagram.com\\\/v\\\/t39.30808-6\\\/468606534_122148910910311336_2112544125973903195_n.jpg?_nc_cat=106&amp;ccb=1-7&amp;_nc_sid=18de74&amp;_nc_ohc=8cnre0eEoi0Q7kNvgGMrSzC&amp;_nc_zt=23&amp;_nc_ht=scontent-mxp1-1.cdninstagram.com&amp;edm=ANo9K5cEAAAA&amp;_nc_gid=AzwD5a1IEM6hihk4T2r5z-M&amp;oh=00_AYBzPTrovVhobrNcdiUiv7Gpop5GpQ2t04PXPK3a_ESzZA&amp;oe=67564130&quot;}\">\n            <span class=\"sbi-screenreader\">\ud83c\udfc6 NUOVA DATA per lo speciale TORNEO DI CALCIO!\n<\/span>\n            \t                    <img decoding=\"async\" src=\"https:\/\/www.scuoleattivedicomunita.it\/wp-content\/plugins\/instagram-feed\/img\/placeholder.png\" alt=\"\ud83c\udfc6 NUOVA DATA per lo speciale TORNEO DI CALCIO!\n\nL&#039;appuntamento \u00e8 per domani -gioved\u00ec 28 novembre- dalle \ud83d\udd60 17:30 alle 20:00, presso il Forum Eventi di #SanPancrazioSalentino. Prepara scarpe e entusiasmo per un pomeriggio dedicato allo sport, al divertimento e alla condivisione!\n\n\ud83c\udf88 L\u2019evento, organizzato da Scuole Attive di Comunit\u00e0 insieme agli operatori di Arci Brindisi, \u00e8 aperto a tutti i ragazz* dagli 11 ai 17 anni. Che tu voglia partecipare, tifare o semplicemente passare del tempo in buona compagnia, non puoi mancare!\n\n\ud83d\udccc Per maggiori dettagli sulle altre attivit\u00e0 visita \ud83d\udc49 www.scuoleattivedicomunita.it\n\n#ArciBrindisi #ScuoleAttiveDiComunit\u00e0 #PNRR #GiovaniProtagonisti #QuartiereVivo #SportEDivertimento #SanPancrazioSalentino #TorneoDiCalcio \u26bd\ufe0f\">\n        <\/a>\n    <\/div>\n<\/div><div class=\"sbi_item sbi_type_image sbi_new sbi_transition\" id=\"sbi_18056638918820097\" data-date=\"1732629610\">\n    <div class=\"sbi_photo_wrap\">\n        <a class=\"sbi_photo\" href=\"https:\/\/www.instagram.com\/p\/DC1k9RTsXLl\/\" target=\"_blank\" rel=\"noopener nofollow\" data-full-res=\"https:\/\/scontent-mxp1-1.cdninstagram.com\/v\/t39.30808-6\/467911806_122148641708311336_1603603216809149285_n.jpg?_nc_cat=103&#038;ccb=1-7&#038;_nc_sid=18de74&#038;_nc_ohc=kNviyEHRd8oQ7kNvgGsYdlC&#038;_nc_zt=23&#038;_nc_ht=scontent-mxp1-1.cdninstagram.com&#038;edm=ANo9K5cEAAAA&#038;_nc_gid=AzwD5a1IEM6hihk4T2r5z-M&#038;oh=00_AYCStFYMh7H2kCBI6rPIdNYqvgtPAxgMCbWUSi5_JRxK9Q&#038;oe=6756386E\" data-img-src-set=\"{&quot;d&quot;:&quot;https:\\\/\\\/scontent-mxp1-1.cdninstagram.com\\\/v\\\/t39.30808-6\\\/467911806_122148641708311336_1603603216809149285_n.jpg?_nc_cat=103&amp;ccb=1-7&amp;_nc_sid=18de74&amp;_nc_ohc=kNviyEHRd8oQ7kNvgGsYdlC&amp;_nc_zt=23&amp;_nc_ht=scontent-mxp1-1.cdninstagram.com&amp;edm=ANo9K5cEAAAA&amp;_nc_gid=AzwD5a1IEM6hihk4T2r5z-M&amp;oh=00_AYCStFYMh7H2kCBI6rPIdNYqvgtPAxgMCbWUSi5_JRxK9Q&amp;oe=6756386E&quot;,&quot;150&quot;:&quot;https:\\\/\\\/scontent-mxp1-1.cdninstagram.com\\\/v\\\/t39.30808-6\\\/467911806_122148641708311336_1603603216809149285_n.jpg?_nc_cat=103&amp;ccb=1-7&amp;_nc_sid=18de74&amp;_nc_ohc=kNviyEHRd8oQ7kNvgGsYdlC&amp;_nc_zt=23&amp;_nc_ht=scontent-mxp1-1.cdninstagram.com&amp;edm=ANo9K5cEAAAA&amp;_nc_gid=AzwD5a1IEM6hihk4T2r5z-M&amp;oh=00_AYCStFYMh7H2kCBI6rPIdNYqvgtPAxgMCbWUSi5_JRxK9Q&amp;oe=6756386E&quot;,&quot;320&quot;:&quot;https:\\\/\\\/scontent-mxp1-1.cdninstagram.com\\\/v\\\/t39.30808-6\\\/467911806_122148641708311336_1603603216809149285_n.jpg?_nc_cat=103&amp;ccb=1-7&amp;_nc_sid=18de74&amp;_nc_ohc=kNviyEHRd8oQ7kNvgGsYdlC&amp;_nc_zt=23&amp;_nc_ht=scontent-mxp1-1.cdninstagram.com&amp;edm=ANo9K5cEAAAA&amp;_nc_gid=AzwD5a1IEM6hihk4T2r5z-M&amp;oh=00_AYCStFYMh7H2kCBI6rPIdNYqvgtPAxgMCbWUSi5_JRxK9Q&amp;oe=6756386E&quot;,&quot;640&quot;:&quot;https:\\\/\\\/scontent-mxp1-1.cdninstagram.com\\\/v\\\/t39.30808-6\\\/467911806_122148641708311336_1603603216809149285_n.jpg?_nc_cat=103&amp;ccb=1-7&amp;_nc_sid=18de74&amp;_nc_ohc=kNviyEHRd8oQ7kNvgGsYdlC&amp;_nc_zt=23&amp;_nc_ht=scontent-mxp1-1.cdninstagram.com&amp;edm=ANo9K5cEAAAA&amp;_nc_gid=AzwD5a1IEM6hihk4T2r5z-M&amp;oh=00_AYCStFYMh7H2kCBI6rPIdNYqvgtPAxgMCbWUSi5_JRxK9Q&amp;oe=6756386E&quot;}\">\n            <span class=\"sbi-screenreader\">Scuole Attive di Comunit\u00e0 \u00e8 tante cose ma \u00e8 sop<\/span>\n            \t                    <img decoding=\"async\" src=\"https:\/\/www.scuoleattivedicomunita.it\/wp-content\/plugins\/instagram-feed\/img\/placeholder.png\" alt=\"Scuole Attive di Comunit\u00e0 \u00e8 tante cose ma \u00e8 soprattuto: &quot;\ud835\udde9&quot; di \ud835\udde9\ud835\udddc\ud835\udde9\ud835\uddd8\ud835\udde5\ud835\uddd8 \ud835\udde1\ud835\udde8\ud835\udde2\ud835\udde9\ud835\uddd8 \ud835\uddd8\ud835\udde6\ud835\udde3\ud835\uddd8\ud835\udde5\ud835\udddc\ud835\uddd8\ud835\udde1\ud835\udded\ud835\uddd8!\n\nNon \u00e8 solo un progetto ma un\u2019\ud835\udde2\ud835\uddd6\ud835\uddd6\ud835\uddd4\ud835\udde6\ud835\udddc\ud835\udde2\ud835\udde1\ud835\uddd8, per tutti i ragazz* dagli 11 ai 17 anni nell&#039;Ambito Sociale BR 4, di scoprire nuove passioni, incontrare persone e vivere la comunit\u00e0 come mai prima:\n\n\u2705 \ud835\uddd8\ud835\uddf1\ud835\ude02-\ud835\uddd6\ud835\uddee\ud835\uddfa\ud835\uddfd STEM e sport GRATUITI \ud83e\uddea\u26bd\n\u2705 \ud835\udde6\ud835\uddfd\ud835\uddfc\ud835\uddff\ud835\ude01\ud835\uddf2\ud835\uddf9\ud835\uddf9\ud835\uddf6 \ud835\uddf1\ud835\uddf6 \ud835\uddee\ud835\ude00\ud835\uddf0\ud835\uddfc\ud835\uddf9\ud835\ude01\ud835\uddfc per crescere insieme \ud83d\udcac\n\u2705 \ud835\uddd8\ud835\uddf1\ud835\ude02\ud835\uddf0\ud835\uddee\ud835\ude01\ud835\uddf6\ud835\ude03\ud835\uddee \ud835\uddf1\ud835\uddf6 \ud835\udde6\ud835\ude01\ud835\uddff\ud835\uddee\ud835\uddf1\ud835\uddee per dare nuova vita alla comunit\u00e0 \ud83c\udf31\n\nScopri di pi\u00f9 sul progetto promosso da @arcibrindisi e supportato da UISP Brindisi - Ambito Territoriale Sociale Brindisi 4 - @ilsogno_cooperativasociale - I.I.S.S. Epifanio Ferdinando - I.I.S.S. Ferraris - De Marco -Valzani\n\n\ud835\udddc\ud835\udde1\ud835\uddd9\ud835\udde2 \ud83d\udc49 https:\/\/www.scuoleattivedicomunita.it\/ \ud83d\udcde +39 338 228 3093\n\n#arcibrindisi #ScuoleAttiveDiComunit\u00e0 #PNRR #GiovaniProtagonisti #QuartiereVivo #SportEDivertimento #ilsognocooperativasociale #viverenuoveesperienze\">\n        <\/a>\n    <\/div>\n<\/div>    <\/div>\n\n\t<div id=\"sbi_load\" >\n\n\t\n\t\t\t<span class=\"sbi_follow_btn sbi_custom\">\n        <a href=\"https:\/\/www.instagram.com\/scuoleattive_di_comunita\/\" style=\"background: rgb(254,189,147);\" target=\"_blank\" rel=\"nofollow noopener\">\n            <svg class=\"svg-inline--fa fa-instagram fa-w-14\" aria-hidden=\"true\" data-fa-processed=\"\" aria-label=\"Instagram\" data-prefix=\"fab\" data-icon=\"instagram\" role=\"img\" viewBox=\"0 0 448 512\">\n\t                <path fill=\"currentColor\" d=\"M224.1 141c-63.6 0-114.9 51.3-114.9 114.9s51.3 114.9 114.9 114.9S339 319.5 339 255.9 287.7 141 224.1 141zm0 189.6c-41.1 0-74.7-33.5-74.7-74.7s33.5-74.7 74.7-74.7 74.7 33.5 74.7 74.7-33.6 74.7-74.7 74.7zm146.4-194.3c0 14.9-12 26.8-26.8 26.8-14.9 0-26.8-12-26.8-26.8s12-26.8 26.8-26.8 26.8 12 26.8 26.8zm76.1 27.2c-1.7-35.9-9.9-67.7-36.2-93.9-26.2-26.2-58-34.4-93.9-36.2-37-2.1-147.9-2.1-184.9 0-35.8 1.7-67.6 9.9-93.9 36.1s-34.4 58-36.2 93.9c-2.1 37-2.1 147.9 0 184.9 1.7 35.9 9.9 67.7 36.2 93.9s58 34.4 93.9 36.2c37 2.1 147.9 2.1 184.9 0 35.9-1.7 67.7-9.9 93.9-36.2 26.2-26.2 34.4-58 36.2-93.9 2.1-37 2.1-147.8 0-184.8zM398.8 388c-7.8 19.6-22.9 34.7-42.6 42.6-29.5 11.7-99.5 9-132.1 9s-102.7 2.6-132.1-9c-19.6-7.8-34.7-22.9-42.6-42.6-11.7-29.5-9-99.5-9-132.1s-2.6-102.7 9-132.1c7.8-19.6 22.9-34.7 42.6-42.6 29.5-11.7 99.5-9 132.1-9s102.7-2.6 132.1 9c19.6 7.8 34.7 22.9 42.6 42.6 11.7 29.5 9 99.5 9 132.1s2.7 102.7-9 132.1z\"><\/path>\n\t            <\/svg>            <span>Seguici su Instagram!<\/span>\n        <\/a>\n    <\/span>\n\t\n<\/div>\n\n\t    <span class=\"sbi_resized_image_data\" data-feed-id=\"*2\" data-resized=\"{&quot;18056638918820097&quot;:{&quot;id&quot;:&quot;467911806_122148641708311336_1603603216809149285_n&quot;,&quot;ratio&quot;:&quot;1.00&quot;,&quot;sizes&quot;:{&quot;full&quot;:640,&quot;low&quot;:320,&quot;thumb&quot;:150},&quot;extension&quot;:&quot;.webp&quot;},&quot;18172093645311030&quot;:{&quot;id&quot;:&quot;468606534_122148910910311336_2112544125973903195_n&quot;,&quot;ratio&quot;:&quot;0.80&quot;,&quot;sizes&quot;:{&quot;full&quot;:640,&quot;low&quot;:320,&quot;thumb&quot;:150},&quot;extension&quot;:&quot;.webp&quot;},&quot;18474740038038222&quot;:{&quot;id&quot;:&quot;468422599_122149572998311336_1511157438395652353_n&quot;,&quot;ratio&quot;:&quot;1.00&quot;,&quot;sizes&quot;:{&quot;full&quot;:640,&quot;low&quot;:320,&quot;thumb&quot;:150},&quot;extension&quot;:&quot;.webp&quot;},&quot;17955165164746935&quot;:{&quot;id&quot;:&quot;468530766_122149713410311336_4904123284173928911_n&quot;,&quot;ratio&quot;:&quot;1.00&quot;,&quot;sizes&quot;:{&quot;full&quot;:640,&quot;low&quot;:320,&quot;thumb&quot;:150},&quot;extension&quot;:&quot;.webp&quot;}}\">\n\t<\/span>\n\t<\/div>\n\n\t<style type=\"text\/css\">\n\t\t\t\t\n\t\t#sb_instagram .sbi_follow_btn a:hover,\n\t\t#sb_instagram .sbi_follow_btn a:focus{\n\t\t\toutline: none;\n\t\t\tbox-shadow: inset 0 0 10px 20px #52ACFF;\n\t\t}\n\t\t\t<\/style>\n\t<\/div>\n\t\t\t\t<\/div>\n\t\t\t\t<\/div>\n\t\t\t\t\t<\/div>\n\t\t\t\t<\/div>\n\t\t\t\t<\/div>\n\t\t","protected":false},"excerpt":{"rendered":"<p>Diventa protagonista del cambiamento Scuole Attive di Comunit\u00e0 \u00e8 un nuovo percorso educativo rivolto ai ragazzi tra gli 11 e i 17 anni residenti nei comuni dell\u2019Ambito Sociale Br 4. \u00c8 un modello innovativo che unisce scuole, famiglie ed esperti per far emergere il talento e le potenzialit\u00e0 di ogni ragazzo e ragazza attraverso servizi [&hellip;]<\/p>\n","protected":false},"author":1,"featured_media":0,"parent":0,"menu_order":0,"comment_status":"closed","ping_status":"closed","template":"elementor_header_footer","meta":{"_monsterinsights_skip_tracking":false,"footnotes":""},"class_list":["post-121","page","type-page","status-publish","hentry"],"aioseo_notices":[],"_links":{"self":[{"href":"https:\/\/www.scuoleattivedicomunita.it\/index.php?rest_route=\/wp\/v2\/pages\/121","targetHints":{"allow":["GET"]}}],"collection":[{"href":"https:\/\/www.scuoleattivedicomunita.it\/index.php?rest_route=\/wp\/v2\/pages"}],"about":[{"href":"https:\/\/www.scuoleattivedicomunita.it\/index.php?rest_route=\/wp\/v2\/types\/page"}],"author":[{"embeddable":true,"href":"https:\/\/www.scuoleattivedicomunita.it\/index.php?rest_route=\/wp\/v2\/users\/1"}],"replies":[{"embeddable":true,"href":"https:\/\/www.scuoleattivedicomunita.it\/index.php?rest_route=%2Fwp%2Fv2%2Fcomments&post=121"}],"version-history":[{"count":64,"href":"https:\/\/www.scuoleattivedicomunita.it\/index.php?rest_route=\/wp\/v2\/pages\/121\/revisions"}],"predecessor-version":[{"id":2432,"href":"https:\/\/www.scuoleattivedicomunita.it\/index.php?rest_route=\/wp\/v2\/pages\/121\/revisions\/2432"}],"wp:attachment":[{"href":"https:\/\/www.scuoleattivedicomunita.it\/index.php?rest_route=%2Fwp%2Fv2%2Fmedia&parent=121"}],"curies":[{"name":"wp","href":"https:\/\/api.w.org\/{rel}","templated":true}]}}